{"id":220,"date":"2023-12-06T07:59:44","date_gmt":"2023-12-06T06:59:44","guid":{"rendered":"https:\/\/clesensoi.be\/formations\/?page_id=220"},"modified":"2024-02-20T09:59:43","modified_gmt":"2024-02-20T08:59:43","slug":"devenez-sophrologue-une-formation-complete","status":"publish","type":"page","link":"https:\/\/clesensoi.be\/formations\/","title":{"rendered":"Accueil"},"content":{"rendered":"\n<div id=\"wp-block-themeisle-blocks-advanced-columns-a2946a77\" class=\"wp-block-themeisle-blocks-advanced-columns alignfull has-2-columns has-desktop-oneTwo-layout has-tablet-equal-layout has-mobile-collapsedRows-layout has-vertical-center ticss-a2946a77 has-light-bg\"><div class=\"wp-block-themeisle-blocks-advanced-columns-overlay\"><\/div><div class=\"innerblocks-wrap\">\n<div id=\"wp-block-themeisle-blocks-advanced-column-bbddf55b\" class=\"wp-block-themeisle-blocks-advanced-column\"><div class=\"wp-block-image\">\n<figure class=\"aligncenter size-full\"><img loading=\"lazy\" decoding=\"async\" width=\"720\" height=\"479\" src=\"https:\/\/i0.wp.com\/clesensoi.be\/formations\/wp-content\/uploads\/2023\/12\/sabine2.jpg?resize=720%2C479&#038;ssl=1\" alt=\"\" class=\"wp-image-233\" srcset=\"https:\/\/i0.wp.com\/clesensoi.be\/formations\/wp-content\/uploads\/2023\/12\/sabine2.jpg?w=720&amp;ssl=1 720w, https:\/\/i0.wp.com\/clesensoi.be\/formations\/wp-content\/uploads\/2023\/12\/sabine2.jpg?resize=300%2C200&amp;ssl=1 300w\" sizes=\"(max-width: 720px) 100vw, 720px\" data-recalc-dims=\"1\" \/><\/figure><\/div><\/div>\n\n\n\n<div id=\"wp-block-themeisle-blocks-advanced-column-92b2db05\" class=\"wp-block-themeisle-blocks-advanced-column\">\n<h2 id=\"wp-block-themeisle-blocks-advanced-heading-8f1f2647\" class=\"wp-block-themeisle-blocks-advanced-heading wp-block-themeisle-blocks-advanced-heading-8f1f2647\"><strong><mark>Un concept de formations innovantes<\/mark><\/strong> <mark>qui associent \u00e9panouissement personnel et\/ou formation professionnalisante<\/mark><\/h2>\n\n\n\n<p class=\"has-black-color has-text-color has-link-color has-medium-font-size wp-elements-40a38b473a2c6884a08b95d8bf66a3f7\">Je suis install\u00e9e comme sophrologue depuis 2011 et cela fait plusieurs ann\u00e9es que je propose des formations th\u00e9matiques aux particuliers et professionnels (sophrologues, enseignants, psychologues, \u00e9ducateurs, \u2026)<\/p>\n\n\n\n<p class=\"has-black-color has-text-color has-link-color has-medium-font-size wp-elements-9ea9de3557edab6b4469dff93e6affdc\"><\/p>\n\n\n\n<p class=\"has-black-color has-text-color has-link-color has-medium-font-size wp-elements-9ea9de3557edab6b4469dff93e6affdc\"><\/p>\n\n\n\n<p class=\"has-black-color has-text-color has-link-color has-medium-font-size wp-elements-9ea9de3557edab6b4469dff93e6affdc\"><\/p>\n<\/div>\n<\/div><\/div>\n\n\n\n<div id=\"wp-block-themeisle-blocks-advanced-columns-e6b0d906\" class=\"wp-block-themeisle-blocks-advanced-columns alignfull has-1-columns has-desktop-equal-layout has-tablet-equal-layout has-mobile-collapsedRows-layout has-vertical-center ticss-a2946a77 has-light-bg\"><div class=\"wp-block-themeisle-blocks-advanced-columns-overlay\"><\/div><div class=\"innerblocks-wrap\">\n<div id=\"wp-block-themeisle-blocks-advanced-column-004b0d7f\" class=\"wp-block-themeisle-blocks-advanced-column\">\n<h2 class=\"wp-block-heading has-text-align-center has-white-color has-text-color\"><strong><mark style=\"background-color:rgba(0, 0, 0, 0)\" class=\"has-inline-color has-black-color\">Quelles innovations par rapport aux autres formations ?<\/mark><\/strong><\/h2>\n\n\n\n<p class=\"has-black-color has-text-color has-link-color has-medium-font-size wp-elements-c0a51c5a838294dccfd205e7952a4b3c\">Une s\u00e9ance d&#8217;1h (en ligne via zoom) est pr\u00e9vue quelques semaines apr\u00e8s la formation pour r\u00e9pondre \u00e0 vos \u00e9ventuelles questions post formation.<\/p>\n\n\n\n<p class=\"has-text-align-center\">Rep\u00e9rez les formations pour tous gr\u00e2ce \u00e0 cette ic\u00f4ne<\/p>\n\n\n<div class=\"wp-block-image\">\n<figure class=\"aligncenter size-large is-resized\"><img loading=\"lazy\" decoding=\"async\" width=\"980\" height=\"980\" src=\"https:\/\/i0.wp.com\/clesensoi.be\/formations\/wp-content\/uploads\/2023\/12\/Sans-titre-41.png?resize=980%2C980&#038;ssl=1\" alt=\"\" class=\"wp-image-231\" style=\"width:177px;height:auto\" srcset=\"https:\/\/i0.wp.com\/clesensoi.be\/formations\/wp-content\/uploads\/2023\/12\/Sans-titre-41.png?resize=1024%2C1024&amp;ssl=1 1024w, https:\/\/i0.wp.com\/clesensoi.be\/formations\/wp-content\/uploads\/2023\/12\/Sans-titre-41.png?resize=300%2C300&amp;ssl=1 300w, https:\/\/i0.wp.com\/clesensoi.be\/formations\/wp-content\/uploads\/2023\/12\/Sans-titre-41.png?resize=150%2C150&amp;ssl=1 150w, https:\/\/i0.wp.com\/clesensoi.be\/formations\/wp-content\/uploads\/2023\/12\/Sans-titre-41.png?resize=768%2C768&amp;ssl=1 768w, https:\/\/i0.wp.com\/clesensoi.be\/formations\/wp-content\/uploads\/2023\/12\/Sans-titre-41.png?w=1080&amp;ssl=1 1080w\" sizes=\"(max-width: 980px) 100vw, 980px\" data-recalc-dims=\"1\" \/><\/figure><\/div>\n\n\n<p class=\"has-black-color has-text-color has-link-color has-medium-font-size wp-elements-9ea9de3557edab6b4469dff93e6affdc\"><\/p>\n\n\n\n<p class=\"has-text-align-center\">Rep\u00e9rez les formations PRO gr\u00e2ce \u00e0 cette ic\u00f4ne<\/p>\n\n\n<div class=\"wp-block-image\">\n<figure class=\"aligncenter size-large is-resized\"><img loading=\"lazy\" decoding=\"async\" width=\"980\" height=\"980\" src=\"https:\/\/i0.wp.com\/clesensoi.be\/formations\/wp-content\/uploads\/2023\/12\/Sans-titre-33.png?resize=980%2C980&#038;ssl=1\" alt=\"\" class=\"wp-image-151\" style=\"width:176px;height:auto\" srcset=\"https:\/\/i0.wp.com\/clesensoi.be\/formations\/wp-content\/uploads\/2023\/12\/Sans-titre-33.png?resize=1024%2C1024&amp;ssl=1 1024w, https:\/\/i0.wp.com\/clesensoi.be\/formations\/wp-content\/uploads\/2023\/12\/Sans-titre-33.png?resize=300%2C300&amp;ssl=1 300w, https:\/\/i0.wp.com\/clesensoi.be\/formations\/wp-content\/uploads\/2023\/12\/Sans-titre-33.png?resize=150%2C150&amp;ssl=1 150w, https:\/\/i0.wp.com\/clesensoi.be\/formations\/wp-content\/uploads\/2023\/12\/Sans-titre-33.png?resize=768%2C768&amp;ssl=1 768w, https:\/\/i0.wp.com\/clesensoi.be\/formations\/wp-content\/uploads\/2023\/12\/Sans-titre-33.png?w=1080&amp;ssl=1 1080w\" sizes=\"(max-width: 980px) 100vw, 980px\" data-recalc-dims=\"1\" \/><\/figure><\/div>\n\n\n<p class=\"has-black-color has-text-color has-link-color has-medium-font-size wp-elements-9ea9de3557edab6b4469dff93e6affdc\"><\/p>\n\n\n\n<p class=\"has-black-color has-text-color has-link-color has-medium-font-size wp-elements-ad8f37f11d72a71a0d68002284f1449b\">La deuxi\u00e8me innovation apport\u00e9e par cette approche est qu&#8217;en compl\u00e9ment \u00e0 la sophrologie, vous aurez r\u00e9guli\u00e8rement acc\u00e8s \u00e0 des donn\u00e9es en neurosciences, PNL et aromath\u00e9rapie pour am\u00e9liorer encore davantage votre efficacit\u00e9.<\/p>\n\n\n\n<p class=\"has-black-color has-text-color has-link-color has-medium-font-size wp-elements-66ea02bc09fd34c99c80cb95a9c7fcf6\">Les neurosciences offrent une compr\u00e9hension approfondie du fonctionnement du cerveau et de son impact sur nos \u00e9motions et notre bien-\u00eatre. En apprenant comment notre cerveau r\u00e9agit \u00e0 diff\u00e9rentes situations, vous pourrez mieux comprendre vos propres sch\u00e9mas de pens\u00e9e et \u00e9motions, ce qui vous permettra d&#8217;adopter des strat\u00e9gies plus efficaces pour g\u00e9rer le stress, l&#8217;anxi\u00e9t\u00e9 et d&#8217;autres probl\u00e8mes li\u00e9s \u00e0 la sant\u00e9 mentale.<\/p>\n\n\n\n<p class=\"has-black-color has-text-color has-link-color has-medium-font-size wp-elements-ac5d977cf526806f10b11f030df8056f\">La PNL, ou Programmation Neuro-Linguistique, est une approche qui \u00e9tudie comment nos pens\u00e9es, notre langage et notre comportement sont interconnect\u00e9s. En apprenant les techniques de la PNL, vous pourrez d\u00e9velopper des patterns de pens\u00e9e et des mod\u00e8les de communication plus positifs et constructifs, ce qui aura un impact positif sur votre bien-\u00eatre mental.<\/p>\n\n\n\n<p class=\"has-black-color has-text-color has-link-color has-medium-font-size wp-elements-c503aa1b04feb2c4b3fc3c9fa78ec354\">Enfin, l&#8217;aromath\u00e9rapie est une m\u00e9thode bas\u00e9e sur l&#8217;utilisation des huiles essentielles pour am\u00e9liorer la sant\u00e9 et le bien-\u00eatre. Certaines huiles essentielles ont des propri\u00e9t\u00e9s relaxantes, stimulantes ou apaisantes, et leur utilisation judicieuse peut compl\u00e9ter efficacement les pratiques de sophrologie en favorisant la d\u00e9tente et en renfor\u00e7ant l&#8217;effet b\u00e9n\u00e9fique des s\u00e9ances.<\/p>\n\n\n\n<p class=\"has-black-color has-text-color has-link-color has-medium-font-size wp-elements-eb2449d1fd2073866307f7a6b16d37b7\">En incorporant ces connaissances en neurosciences, PNL et aromath\u00e9rapie dans votre pratique de sophrologie, vous pourrez b\u00e9n\u00e9ficier d&#8217;une approche holistique et plus compl\u00e8te pour am\u00e9liorer votre bien-\u00eatre mental et \u00e9motionnel.<\/p>\n<\/div>\n<\/div><\/div>\n\n\n\n<section id=\"services\" class=\"wp-block-themeisle-blocks-advanced-columns alignfull has-1-columns has-desktop-equal-layout has-tablet-equal-layout has-mobile-equal-layout has-vertical-flex-start has-light-bg\"><div class=\"wp-block-themeisle-blocks-advanced-columns-overlay\"><\/div><div class=\"innerblocks-wrap\">\n<div id=\"wp-block-themeisle-blocks-advanced-column-9642dc3f\" class=\"wp-block-themeisle-blocks-advanced-column\"><div class=\"wp-block-image\">\n<figure data-wp-context=\"{ &quot;core&quot;:\n\t\t\t\t{ &quot;image&quot;:\n\t\t\t\t\t{   &quot;imageLoaded&quot;: false,\n\t\t\t\t\t\t&quot;initialized&quot;: false,\n\t\t\t\t\t\t&quot;lightboxEnabled&quot;: false,\n\t\t\t\t\t\t&quot;hideAnimationEnabled&quot;: false,\n\t\t\t\t\t\t&quot;preloadInitialized&quot;: false,\n\t\t\t\t\t\t&quot;lightboxAnimation&quot;: &quot;zoom&quot;,\n\t\t\t\t\t\t&quot;imageUploadedSrc&quot;: &quot;https:\/\/clesensoi.be\/formations\/wp-content\/uploads\/2023\/12\/Sans-titre-42.png&quot;,\n\t\t\t\t\t\t&quot;imageCurrentSrc&quot;: &quot;&quot;,\n\t\t\t\t\t\t&quot;targetWidth&quot;: &quot;1280&quot;,\n\t\t\t\t\t\t&quot;targetHeight&quot;: &quot;720&quot;,\n\t\t\t\t\t\t&quot;scaleAttr&quot;: &quot;&quot;,\n\t\t\t\t\t\t&quot;dialogLabel&quot;: &quot;Image agrandie&quot;\n\t\t\t\t\t}\n\t\t\t\t}\n\t\t\t}\" data-wp-interactive class=\"aligncenter size-full wp-lightbox-container\"><img loading=\"lazy\" decoding=\"async\" width=\"980\" height=\"551\" data-wp-effect--setStylesOnResize=\"effects.core.image.setStylesOnResize\" data-wp-effect=\"effects.core.image.setButtonStyles\" data-wp-init=\"effects.core.image.initOriginImage\" data-wp-on--click=\"actions.core.image.showLightbox\" data-wp-on--load=\"actions.core.image.handleLoad\" src=\"https:\/\/i0.wp.com\/clesensoi.be\/formations\/wp-content\/uploads\/2023\/12\/Sans-titre-42.png?resize=980%2C551&#038;ssl=1\" alt=\"Sophrologie pour tous\" class=\"wp-image-235\" srcset=\"https:\/\/i0.wp.com\/clesensoi.be\/formations\/wp-content\/uploads\/2023\/12\/Sans-titre-42.png?w=1280&amp;ssl=1 1280w, https:\/\/i0.wp.com\/clesensoi.be\/formations\/wp-content\/uploads\/2023\/12\/Sans-titre-42.png?resize=300%2C169&amp;ssl=1 300w, https:\/\/i0.wp.com\/clesensoi.be\/formations\/wp-content\/uploads\/2023\/12\/Sans-titre-42.png?resize=1024%2C576&amp;ssl=1 1024w, https:\/\/i0.wp.com\/clesensoi.be\/formations\/wp-content\/uploads\/2023\/12\/Sans-titre-42.png?resize=768%2C432&amp;ssl=1 768w\" sizes=\"(max-width: 980px) 100vw, 980px\" data-recalc-dims=\"1\" \/><button\n\t\t\tclass=\"lightbox-trigger\"\n\t\t\ttype=\"button\"\n\t\t\taria-haspopup=\"dialog\"\n\t\t\taria-label=\"Agrandir l\u2019image\u00a0: Sophrologie pour tous\"\n\t\t\tdata-wp-on--click=\"actions.core.image.showLightbox\"\n\t\t\tdata-wp-style--right=\"context.core.image.imageButtonRight\"\n\t\t\tdata-wp-style--top=\"context.core.image.imageButtonTop\"\n\t\t>\n\t\t\t<svg xmlns=\"http:\/\/www.w3.org\/2000\/svg\" width=\"12\" height=\"12\" fill=\"none\" viewBox=\"0 0 12 12\">\n\t\t\t\t<path fill=\"#fff\" d=\"M2 0a2 2 0 0 0-2 2v2h1.5V2a.5.5 0 0 1 .5-.5h2V0H2Zm2 10.5H2a.5.5 0 0 1-.5-.5V8H0v2a2 2 0 0 0 2 2h2v-1.5ZM8 12v-1.5h2a.5.5 0 0 0 .5-.5V8H12v2a2 2 0 0 1-2 2H8Zm2-12a2 2 0 0 1 2 2v2h-1.5V2a.5.5 0 0 0-.5-.5H8V0h2Z\" \/>\n\t\t\t<\/svg>\n\t\t<\/button>        <div data-wp-body=\"\" class=\"wp-lightbox-overlay zoom\"\n            data-wp-bind--role=\"selectors.core.image.roleAttribute\"\n            data-wp-bind--aria-label=\"selectors.core.image.dialogLabel\"\n            data-wp-class--initialized=\"context.core.image.initialized\"\n            data-wp-class--active=\"context.core.image.lightboxEnabled\"\n            data-wp-class--hideAnimationEnabled=\"context.core.image.hideAnimationEnabled\"\n            data-wp-bind--aria-modal=\"selectors.core.image.ariaModal\"\n            data-wp-effect=\"effects.core.image.initLightbox\"\n            data-wp-on--keydown=\"actions.core.image.handleKeydown\"\n            data-wp-on--touchstart=\"actions.core.image.handleTouchStart\"\n            data-wp-on--touchmove=\"actions.core.image.handleTouchMove\"\n            data-wp-on--touchend=\"actions.core.image.handleTouchEnd\"\n            data-wp-on--click=\"actions.core.image.hideLightbox\"\n            tabindex=\"-1\"\n            >\n                <button type=\"button\" aria-label=\"Fermer\" style=\"fill: #000\" class=\"close-button\" data-wp-on--click=\"actions.core.image.hideLightbox\">\n                    <svg xmlns=\"http:\/\/www.w3.org\/2000\/svg\" viewBox=\"0 0 24 24\" width=\"20\" height=\"20\" aria-hidden=\"true\" focusable=\"false\"><path d=\"M13 11.8l6.1-6.3-1-1-6.1 6.2-6.1-6.2-1 1 6.1 6.3-6.5 6.7 1 1 6.5-6.6 6.5 6.6 1-1z\"><\/path><\/svg>\n                <\/button>\n                <div class=\"lightbox-image-container\"><div class=\"wp-block-image\">\n<figure class=\"aligncenter size-full responsive-image\"><img decoding=\"async\" data-wp-bind--src=\"context.core.image.imageCurrentSrc\" data-wp-style--object-fit=\"selectors.core.image.lightboxObjectFit\" src=\"\" alt=\"Sophrologie pour tous\" class=\"wp-image-235\"\/><\/figure><\/div><\/div>\n                <div class=\"lightbox-image-container\"><div class=\"wp-block-image\">\n<figure class=\"aligncenter size-full enlarged-image\"><img decoding=\"async\" data-wp-bind--src=\"selectors.core.image.enlargedImgSrc\" data-wp-style--object-fit=\"selectors.core.image.lightboxObjectFit\" src=\"\" alt=\"Sophrologie pour tous\" class=\"wp-image-235\"\/><\/figure><\/div><\/div>\n                <div class=\"scrim\" style=\"background-color: #fff\" aria-hidden=\"true\"><\/div>\n        <\/div><\/figure><\/div>\n\n\n<div style=\"height:20px\" aria-hidden=\"true\" class=\"wp-block-spacer\"><\/div>\n<\/div>\n<\/div><\/section>\n\n\n\n<div id=\"wp-block-themeisle-blocks-advanced-columns-f61751b4\" class=\"wp-block-themeisle-blocks-advanced-columns alignfull has-1-columns has-desktop-equal-layout has-tablet-equal-layout has-mobile-collapsedRows-layout has-vertical-center ticss-a2946a77 has-light-bg\"><div class=\"wp-block-themeisle-blocks-advanced-columns-overlay\"><\/div><div class=\"innerblocks-wrap\">\n<div id=\"wp-block-themeisle-blocks-advanced-column-36cc396c\" class=\"wp-block-themeisle-blocks-advanced-column\"><\/div>\n<\/div><\/div>\n","protected":false},"excerpt":{"rendered":"","protected":false},"author":1,"featured_media":0,"parent":0,"menu_order":0,"comment_status":"closed","ping_status":"closed","template":"template-fullwidth.php","meta":{"_price":"","_stock":"","_tribe_ticket_header":"","_tribe_default_ticket_provider":"","_tribe_ticket_capacity":"0","_ticket_start_date":"","_ticket_end_date":"","_tribe_ticket_show_description":"","_tribe_ticket_show_not_going":false,"_tribe_ticket_use_global_stock":"","_tribe_ticket_global_stock_level":"","_global_stock_mode":"","_global_stock_cap":"","_tribe_rsvp_for_event":"","_tribe_ticket_going_count":"","_tribe_ticket_not_going_count":"","_tribe_tickets_list":"[]","_tribe_ticket_has_attendee_info_fields":false,"_EventAllDay":false,"_EventTimezone":"","_EventStartDate":"","_EventEndDate":"","_EventStartDateUTC":"","_EventEndDateUTC":"","_EventShowMap":false,"_EventShowMapLink":false,"_EventURL":"","_EventCost":"","_EventCostDescription":"","_EventCurrencySymbol":"","_EventCurrencyCode":"","_EventCurrencyPosition":"","_EventDateTimeSeparator":"","_EventTimeRangeSeparator":"","_EventOrganizerID":[],"_EventVenueID":[],"_OrganizerEmail":"","_OrganizerPhone":"","_OrganizerWebsite":"","_VenueAddress":"","_VenueCity":"","_VenueCountry":"","_VenueProvince":"","_VenueState":"","_VenueZip":"","_VenuePhone":"","_VenueURL":"","_VenueStateProvince":"","_VenueLat":"","_VenueLng":"","_VenueShowMap":false,"_VenueShowMapLink":false,"_themeisle_gutenberg_block_has_review":false,"jetpack_post_was_ever_published":false,"footnotes":""},"yoast_head":"<!-- This site is optimized with the Yoast SEO plugin v22.1 - https:\/\/yoast.com\/wordpress\/plugins\/seo\/ -->\n<title>Accueil - Formations Cl\u00e9s en soi<\/title>\n<meta name=\"description\" content=\"Un concept de formations innovantes qui associent \u00e9panouissement personnel et\/ou formation professionnalisante\" \/>\n<meta name=\"robots\" content=\"index, follow, max-snippet:-1, max-image-preview:large, max-video-preview:-1\" \/>\n<link rel=\"canonical\" href=\"https:\/\/clesensoi.be\/formations\/\" \/>\n<meta property=\"og:locale\" content=\"fr_FR\" \/>\n<meta property=\"og:type\" content=\"article\" \/>\n<meta property=\"og:title\" content=\"Accueil - Formations Cl\u00e9s en soi\" \/>\n<meta property=\"og:description\" content=\"Un concept de formations innovantes qui associent \u00e9panouissement personnel et\/ou formation professionnalisante\" \/>\n<meta property=\"og:url\" content=\"https:\/\/clesensoi.be\/formations\/\" \/>\n<meta property=\"og:site_name\" content=\"Formations Cl\u00e9s en soi\" \/>\n<meta property=\"article:modified_time\" content=\"2024-02-20T08:59:43+00:00\" \/>\n<meta property=\"og:image\" content=\"https:\/\/clesensoi.be\/formations\/wp-content\/uploads\/2023\/12\/sabine2.jpg\" \/>\n<meta name=\"twitter:card\" content=\"summary_large_image\" \/>\n<meta name=\"twitter:label1\" content=\"Dur\u00e9e de lecture estim\u00e9e\" \/>\n\t<meta name=\"twitter:data1\" content=\"3 minutes\" \/>\n<script type=\"application\/ld+json\" class=\"yoast-schema-graph\">{\"@context\":\"https:\/\/schema.org\",\"@graph\":[{\"@type\":\"WebPage\",\"@id\":\"https:\/\/clesensoi.be\/formations\/\",\"url\":\"https:\/\/clesensoi.be\/formations\/\",\"name\":\"Accueil - Formations Cl\u00e9s en soi\",\"isPartOf\":{\"@id\":\"https:\/\/clesensoi.be\/formations\/#website\"},\"datePublished\":\"2023-12-06T06:59:44+00:00\",\"dateModified\":\"2024-02-20T08:59:43+00:00\",\"description\":\"Un concept de formations innovantes qui associent \u00e9panouissement personnel et\/ou formation professionnalisante\",\"breadcrumb\":{\"@id\":\"https:\/\/clesensoi.be\/formations\/#breadcrumb\"},\"inLanguage\":\"fr-FR\",\"potentialAction\":[{\"@type\":\"ReadAction\",\"target\":[\"https:\/\/clesensoi.be\/formations\/\"]}]},{\"@type\":\"BreadcrumbList\",\"@id\":\"https:\/\/clesensoi.be\/formations\/#breadcrumb\",\"itemListElement\":[{\"@type\":\"ListItem\",\"position\":1,\"name\":\"Accueil\",\"item\":\"https:\/\/clesensoi.be\/formations\/\"},{\"@type\":\"ListItem\",\"position\":2,\"name\":\"Accueil\"}]},{\"@type\":\"WebSite\",\"@id\":\"https:\/\/clesensoi.be\/formations\/#website\",\"url\":\"https:\/\/clesensoi.be\/formations\/\",\"name\":\"Formations Cl\u00e9s en soi\",\"description\":\"La connaissance n&#039;est pas le pouvoir, mais elle est libert\u00e9.\",\"publisher\":{\"@id\":\"https:\/\/clesensoi.be\/formations\/#\/schema\/person\/c24dff67450893d62ff70fa8c9fe4abf\"},\"alternateName\":\"Cl\u00e9s en soi\",\"potentialAction\":[{\"@type\":\"SearchAction\",\"target\":{\"@type\":\"EntryPoint\",\"urlTemplate\":\"https:\/\/clesensoi.be\/formations\/?s={search_term_string}\"},\"query-input\":\"required name=search_term_string\"}],\"inLanguage\":\"fr-FR\"},{\"@type\":[\"Person\",\"Organization\"],\"@id\":\"https:\/\/clesensoi.be\/formations\/#\/schema\/person\/c24dff67450893d62ff70fa8c9fe4abf\",\"name\":\"Sabine Mezzorecchia\",\"image\":{\"@type\":\"ImageObject\",\"inLanguage\":\"fr-FR\",\"@id\":\"https:\/\/clesensoi.be\/formations\/#\/schema\/person\/image\/\",\"url\":\"https:\/\/i0.wp.com\/clesensoi.be\/formations\/wp-content\/uploads\/2023\/12\/cropped-cropped-cropped-cropped-cropped-logo-cles-512-1.png?fit=512%2C180&ssl=1\",\"contentUrl\":\"https:\/\/i0.wp.com\/clesensoi.be\/formations\/wp-content\/uploads\/2023\/12\/cropped-cropped-cropped-cropped-cropped-logo-cles-512-1.png?fit=512%2C180&ssl=1\",\"width\":512,\"height\":180,\"caption\":\"Sabine Mezzorecchia\"},\"logo\":{\"@id\":\"https:\/\/clesensoi.be\/formations\/#\/schema\/person\/image\/\"}}]}<\/script>\n<!-- \/ Yoast SEO plugin. -->","yoast_head_json":{"title":"Accueil - Formations Cl\u00e9s en soi","description":"Un concept de formations innovantes qui associent \u00e9panouissement personnel et\/ou formation professionnalisante","robots":{"index":"index","follow":"follow","max-snippet":"max-snippet:-1","max-image-preview":"max-image-preview:large","max-video-preview":"max-video-preview:-1"},"canonical":"https:\/\/clesensoi.be\/formations\/","og_locale":"fr_FR","og_type":"article","og_title":"Accueil - Formations Cl\u00e9s en soi","og_description":"Un concept de formations innovantes qui associent \u00e9panouissement personnel et\/ou formation professionnalisante","og_url":"https:\/\/clesensoi.be\/formations\/","og_site_name":"Formations Cl\u00e9s en soi","article_modified_time":"2024-02-20T08:59:43+00:00","og_image":[{"url":"https:\/\/clesensoi.be\/formations\/wp-content\/uploads\/2023\/12\/sabine2.jpg"}],"twitter_card":"summary_large_image","twitter_misc":{"Dur\u00e9e de lecture estim\u00e9e":"3 minutes"},"schema":{"@context":"https:\/\/schema.org","@graph":[{"@type":"WebPage","@id":"https:\/\/clesensoi.be\/formations\/","url":"https:\/\/clesensoi.be\/formations\/","name":"Accueil - Formations Cl\u00e9s en soi","isPartOf":{"@id":"https:\/\/clesensoi.be\/formations\/#website"},"datePublished":"2023-12-06T06:59:44+00:00","dateModified":"2024-02-20T08:59:43+00:00","description":"Un concept de formations innovantes qui associent \u00e9panouissement personnel et\/ou formation professionnalisante","breadcrumb":{"@id":"https:\/\/clesensoi.be\/formations\/#breadcrumb"},"inLanguage":"fr-FR","potentialAction":[{"@type":"ReadAction","target":["https:\/\/clesensoi.be\/formations\/"]}]},{"@type":"BreadcrumbList","@id":"https:\/\/clesensoi.be\/formations\/#breadcrumb","itemListElement":[{"@type":"ListItem","position":1,"name":"Accueil","item":"https:\/\/clesensoi.be\/formations\/"},{"@type":"ListItem","position":2,"name":"Accueil"}]},{"@type":"WebSite","@id":"https:\/\/clesensoi.be\/formations\/#website","url":"https:\/\/clesensoi.be\/formations\/","name":"Formations Cl\u00e9s en soi","description":"La connaissance n&#039;est pas le pouvoir, mais elle est libert\u00e9.","publisher":{"@id":"https:\/\/clesensoi.be\/formations\/#\/schema\/person\/c24dff67450893d62ff70fa8c9fe4abf"},"alternateName":"Cl\u00e9s en soi","potentialAction":[{"@type":"SearchAction","target":{"@type":"EntryPoint","urlTemplate":"https:\/\/clesensoi.be\/formations\/?s={search_term_string}"},"query-input":"required name=search_term_string"}],"inLanguage":"fr-FR"},{"@type":["Person","Organization"],"@id":"https:\/\/clesensoi.be\/formations\/#\/schema\/person\/c24dff67450893d62ff70fa8c9fe4abf","name":"Sabine Mezzorecchia","image":{"@type":"ImageObject","inLanguage":"fr-FR","@id":"https:\/\/clesensoi.be\/formations\/#\/schema\/person\/image\/","url":"https:\/\/i0.wp.com\/clesensoi.be\/formations\/wp-content\/uploads\/2023\/12\/cropped-cropped-cropped-cropped-cropped-logo-cles-512-1.png?fit=512%2C180&ssl=1","contentUrl":"https:\/\/i0.wp.com\/clesensoi.be\/formations\/wp-content\/uploads\/2023\/12\/cropped-cropped-cropped-cropped-cropped-logo-cles-512-1.png?fit=512%2C180&ssl=1","width":512,"height":180,"caption":"Sabine Mezzorecchia"},"logo":{"@id":"https:\/\/clesensoi.be\/formations\/#\/schema\/person\/image\/"}}]}},"jetpack_sharing_enabled":true,"jetpack-related-posts":[],"ticketed":false,"_links":{"self":[{"href":"https:\/\/clesensoi.be\/formations\/wp-json\/wp\/v2\/pages\/220"}],"collection":[{"href":"https:\/\/clesensoi.be\/formations\/wp-json\/wp\/v2\/pages"}],"about":[{"href":"https:\/\/clesensoi.be\/formations\/wp-json\/wp\/v2\/types\/page"}],"author":[{"embeddable":true,"href":"https:\/\/clesensoi.be\/formations\/wp-json\/wp\/v2\/users\/1"}],"replies":[{"embeddable":true,"href":"https:\/\/clesensoi.be\/formations\/wp-json\/wp\/v2\/comments?post=220"}],"version-history":[{"count":16,"href":"https:\/\/clesensoi.be\/formations\/wp-json\/wp\/v2\/pages\/220\/revisions"}],"predecessor-version":[{"id":564,"href":"https:\/\/clesensoi.be\/formations\/wp-json\/wp\/v2\/pages\/220\/revisions\/564"}],"wp:attachment":[{"href":"https:\/\/clesensoi.be\/formations\/wp-json\/wp\/v2\/media?parent=220"}],"curies":[{"name":"wp","href":"https:\/\/api.w.org\/{rel}","templated":true}]}}